{"id":1664,"date":"2023-06-09T21:38:54","date_gmt":"2023-06-09T19:38:54","guid":{"rendered":"https:\/\/www.laleclercgouesnou.fr\/v2\/?page_id=1664"},"modified":"2024-10-21T19:18:33","modified_gmt":"2024-10-21T17:18:33","slug":"edition-2023","status":"publish","type":"page","link":"https:\/\/www.laleclercgouesnou.fr\/v2\/edition-2023\/","title":{"rendered":"Retour \u00e9dition 2024"},"content":{"rendered":"\n<div style=\"height:36px\" aria-hidden=\"true\" class=\"wp-block-spacer\"><\/div>\n\n\n\n<p class=\"has-text-align-center has-luminous-vivid-orange-color has-text-color\" style=\"font-size:35px\">MERCI A TOUS LES PARTICIPANTS<\/p>\n\n\n\n<p>1250 coureurs, 220 enfants, 130 marcheurs : une belle f\u00eate sportive, solidaire et familiale !<\/p>\n\n\n\n<p class=\"has-text-align-center\">R\u00e9sultats du 5 Km <a href=\"https:\/\/www.sportinnovation.fr\/Evenements\/Resultats\/6527\">ICI <\/a><\/p>\n\n\n\n<p class=\"has-text-align-center\">R\u00e9sultats du 10 Km <a href=\"https:\/\/www.sportinnovation.fr\/Evenements\/Resultats\/6525\">ICI<\/a><\/p>\n\n\n\n<p class=\"has-text-align-center\">Photos <a href=\"https:\/\/www.laleclercgouesnou.fr\/v2\/2024\/10\/18\/les-photos-2024\/\">ICI<\/a><\/p>\n\n\n<div class=\"wp-block-image\">\n<figure class=\"aligncenter size-full is-resized\"><img loading=\"lazy\" decoding=\"async\" width=\"881\" height=\"444\" src=\"https:\/\/www.laleclercgouesnou.fr\/v2\/wp-content\/uploads\/2024\/10\/7-TELEGRAMME_149x75mm_-14-Oct_remeriements-1.jpg\" alt=\"\" class=\"wp-image-2338\" style=\"width:511px;height:auto\" srcset=\"https:\/\/www.laleclercgouesnou.fr\/v2\/wp-content\/uploads\/2024\/10\/7-TELEGRAMME_149x75mm_-14-Oct_remeriements-1.jpg 881w, https:\/\/www.laleclercgouesnou.fr\/v2\/wp-content\/uploads\/2024\/10\/7-TELEGRAMME_149x75mm_-14-Oct_remeriements-1-300x151.jpg 300w, https:\/\/www.laleclercgouesnou.fr\/v2\/wp-content\/uploads\/2024\/10\/7-TELEGRAMME_149x75mm_-14-Oct_remeriements-1-768x387.jpg 768w\" sizes=\"auto, (max-width: 881px) 100vw, 881px\" \/><\/figure><\/div>\n\n\n<div style=\"height:29px\" aria-hidden=\"true\" class=\"wp-block-spacer\"><\/div>\n\n\n\n<div class=\"wp-block-media-text alignwide is-stacked-on-mobile\" style=\"grid-template-columns:40% auto\"><figure class=\"wp-block-media-text__media\"><img loading=\"lazy\" decoding=\"async\" width=\"1024\" height=\"870\" src=\"https:\/\/www.laleclercgouesnou.fr\/v2\/wp-content\/uploads\/2024\/07\/panneau-partenaires-media-2024-1024x870.jpg\" alt=\"\" class=\"wp-image-2172 size-full\" srcset=\"https:\/\/www.laleclercgouesnou.fr\/v2\/wp-content\/uploads\/2024\/07\/panneau-partenaires-media-2024-1024x870.jpg 1024w, https:\/\/www.laleclercgouesnou.fr\/v2\/wp-content\/uploads\/2024\/07\/panneau-partenaires-media-2024-300x255.jpg 300w, https:\/\/www.laleclercgouesnou.fr\/v2\/wp-content\/uploads\/2024\/07\/panneau-partenaires-media-2024-768x653.jpg 768w, https:\/\/www.laleclercgouesnou.fr\/v2\/wp-content\/uploads\/2024\/07\/panneau-partenaires-media-2024.jpg 1260w\" sizes=\"auto, (max-width: 1024px) 100vw, 1024px\" \/><\/figure><div class=\"wp-block-media-text__content\">\n<p class=\"has-text-align-center\"><strong>En direct sur TEBEO !<\/strong><\/p>\n\n\n\n<p>Notre partenaire <strong>TEBEO <\/strong>sera pr\u00e9sent sur le site d\u00e8s 13h30 pour un live de l&rsquo;ensemble des animation sur le site du T\u00e9l\u00e9gramme live !<\/p>\n\n\n\n<p>Et les deux courses de 5 et 10 Km seront retransmises en direct sur la cha\u00eene TEBEO (direct de 2 heures !) avec nos consultants et les journalistes de TEBEO.<\/p>\n\n\n\n<p>Revivez le live 2023 <a href=\"https:\/\/www.tebeo.bzh\/video\/la-leclerc-gouesnou\/\">ici <\/a><\/p>\n\n\n\n<div style=\"height:49px\" aria-hidden=\"true\" class=\"wp-block-spacer\"><\/div>\n\n\n\n<p>Merci \u00e0 nos partenaires m\u00e9dias <a href=\"https:\/\/www.tebeo.bzh\/\">TEBEO <\/a>, <a href=\"http:\/\/www.temporunclub.com\">TEMPO RUN CLUB <\/a>, <a href=\"https:\/\/stadion-actu.fr\/\">STADION <\/a>et <a href=\"https:\/\/www.letelegramme.fr\/\">LE TELEGRAMME <\/a>!<\/p>\n\n\n\n<div style=\"height:100px\" aria-hidden=\"true\" class=\"wp-block-spacer\"><\/div>\n<\/div><\/div>\n\n\n\n<div style=\"height:35px\" aria-hidden=\"true\" class=\"wp-block-spacer\"><\/div>\n\n\n\n<div class=\"wp-block-media-text alignwide is-stacked-on-mobile\" style=\"grid-template-columns:18% auto\"><figure class=\"wp-block-media-text__media\"><img loading=\"lazy\" decoding=\"async\" width=\"683\" height=\"1024\" src=\"http:\/\/www.laleclercgouesnou.fr\/v2\/wp-content\/uploads\/2024\/07\/AFFICHE-2024_BENEVOLES_CMJN-683x1024.jpg\" alt=\"\" class=\"wp-image-2096 size-full\" srcset=\"https:\/\/www.laleclercgouesnou.fr\/v2\/wp-content\/uploads\/2024\/07\/AFFICHE-2024_BENEVOLES_CMJN-683x1024.jpg 683w, https:\/\/www.laleclercgouesnou.fr\/v2\/wp-content\/uploads\/2024\/07\/AFFICHE-2024_BENEVOLES_CMJN-200x300.jpg 200w, https:\/\/www.laleclercgouesnou.fr\/v2\/wp-content\/uploads\/2024\/07\/AFFICHE-2024_BENEVOLES_CMJN-768x1152.jpg 768w, https:\/\/www.laleclercgouesnou.fr\/v2\/wp-content\/uploads\/2024\/07\/AFFICHE-2024_BENEVOLES_CMJN-1024x1536.jpg 1024w, https:\/\/www.laleclercgouesnou.fr\/v2\/wp-content\/uploads\/2024\/07\/AFFICHE-2024_BENEVOLES_CMJN-1366x2048.jpg 1366w, https:\/\/www.laleclercgouesnou.fr\/v2\/wp-content\/uploads\/2024\/07\/AFFICHE-2024_BENEVOLES_CMJN-scaled.jpg 1707w\" sizes=\"auto, (max-width: 683px) 100vw, 683px\" \/><\/figure><div class=\"wp-block-media-text__content\">\n<p class=\"has-text-align-center has-vivid-red-color has-text-color\"><em><strong>En avant la recherche m\u00e9dicale &#8230;. en avant le sport !<\/strong><\/em><\/p>\n\n\n\n<div class=\"wp-block-media-text alignwide is-stacked-on-mobile\" style=\"grid-template-columns:15% auto\"><figure class=\"wp-block-media-text__media\"><img loading=\"lazy\" decoding=\"async\" width=\"683\" height=\"1024\" src=\"https:\/\/www.laleclercgouesnou.fr\/v2\/wp-content\/uploads\/2023\/06\/1H2A1845-683x1024.jpg\" alt=\"\" class=\"wp-image-1674 size-full\" srcset=\"https:\/\/www.laleclercgouesnou.fr\/v2\/wp-content\/uploads\/2023\/06\/1H2A1845-683x1024.jpg 683w, https:\/\/www.laleclercgouesnou.fr\/v2\/wp-content\/uploads\/2023\/06\/1H2A1845-200x300.jpg 200w, https:\/\/www.laleclercgouesnou.fr\/v2\/wp-content\/uploads\/2023\/06\/1H2A1845.jpg 720w\" sizes=\"auto, (max-width: 683px) 100vw, 683px\" \/><\/figure><div class=\"wp-block-media-text__content\">\n<p class=\"has-small-font-size\"><strong><a href=\"http:\/\/www.blesdor.org\">Le club des Bl\u00e9s d&rsquo;or de Gouesnou <\/a><\/strong>vous donne rendez-vous le 13 Octobre 2024 pour une belle f\u00eate sportive, familiale et solidaire!<\/p>\n\n\n\n<p class=\"has-small-font-size\">Marches (5\/10 Km), 3 courses enfants, courses de 5 et 10 Km mais aussi beaucoup d&rsquo;animations et des nouveaut\u00e9s !<\/p>\n<\/div><\/div>\n\n\n\n<p class=\"has-vivid-cyan-blue-color has-text-color\"><strong><em>Inscriptions OUVERTES le 01er Septembre 2024 et d&rsquo;ici au 13 Octobre nous vous pr\u00e9senterons ici toutes les nouveaut\u00e9s et informations utiles !<\/em><\/strong><\/p>\n<\/div><\/div>\n\n\n\n<div style=\"height:45px\" aria-hidden=\"true\" class=\"wp-block-spacer\"><\/div>\n\n\n\n<div style=\"height:34px\" aria-hidden=\"true\" class=\"wp-block-spacer\"><\/div>\n\n\n\n<figure class=\"wp-block-gallery has-nested-images columns-default is-cropped wp-block-gallery-1 is-layout-flex wp-block-gallery-is-layout-flex\">\n<figure class=\"wp-block-image size-large is-style-rounded\"><img loading=\"lazy\" decoding=\"async\" width=\"1024\" height=\"683\" data-id=\"1677\" src=\"https:\/\/www.laleclercgouesnou.fr\/v2\/wp-content\/uploads\/2023\/06\/1H2A1844-1024x683.jpg\" alt=\"\" class=\"wp-image-1677\" srcset=\"https:\/\/www.laleclercgouesnou.fr\/v2\/wp-content\/uploads\/2023\/06\/1H2A1844-1024x683.jpg 1024w, https:\/\/www.laleclercgouesnou.fr\/v2\/wp-content\/uploads\/2023\/06\/1H2A1844-300x200.jpg 300w, https:\/\/www.laleclercgouesnou.fr\/v2\/wp-content\/uploads\/2023\/06\/1H2A1844-768x512.jpg 768w, https:\/\/www.laleclercgouesnou.fr\/v2\/wp-content\/uploads\/2023\/06\/1H2A1844-1536x1024.jpg 1536w, https:\/\/www.laleclercgouesnou.fr\/v2\/wp-content\/uploads\/2023\/06\/1H2A1844.jpg 1620w\" sizes=\"auto, (max-width: 1024px) 100vw, 1024px\" \/><figcaption class=\"wp-element-caption\"><strong>Marches<\/strong><\/figcaption><\/figure>\n\n\n\n<figure class=\"wp-block-image size-large is-style-rounded\"><img loading=\"lazy\" decoding=\"async\" width=\"1024\" height=\"683\" data-id=\"1679\" src=\"https:\/\/www.laleclercgouesnou.fr\/v2\/wp-content\/uploads\/2023\/06\/1H2A1913-1024x683.jpg\" alt=\"\" class=\"wp-image-1679\" srcset=\"https:\/\/www.laleclercgouesnou.fr\/v2\/wp-content\/uploads\/2023\/06\/1H2A1913-1024x683.jpg 1024w, https:\/\/www.laleclercgouesnou.fr\/v2\/wp-content\/uploads\/2023\/06\/1H2A1913-300x200.jpg 300w, https:\/\/www.laleclercgouesnou.fr\/v2\/wp-content\/uploads\/2023\/06\/1H2A1913-768x512.jpg 768w, https:\/\/www.laleclercgouesnou.fr\/v2\/wp-content\/uploads\/2023\/06\/1H2A1913-1536x1024.jpg 1536w, https:\/\/www.laleclercgouesnou.fr\/v2\/wp-content\/uploads\/2023\/06\/1H2A1913.jpg 1620w\" sizes=\"auto, (max-width: 1024px) 100vw, 1024px\" \/><figcaption class=\"wp-element-caption\"><strong>Courses enfants<\/strong><\/figcaption><\/figure>\n\n\n\n<figure class=\"wp-block-image size-large is-style-rounded\"><img loading=\"lazy\" decoding=\"async\" width=\"1024\" height=\"683\" data-id=\"1678\" src=\"https:\/\/www.laleclercgouesnou.fr\/v2\/wp-content\/uploads\/2023\/06\/1H2A2201-1024x683.jpg\" alt=\"\" class=\"wp-image-1678\" srcset=\"https:\/\/www.laleclercgouesnou.fr\/v2\/wp-content\/uploads\/2023\/06\/1H2A2201-1024x683.jpg 1024w, https:\/\/www.laleclercgouesnou.fr\/v2\/wp-content\/uploads\/2023\/06\/1H2A2201-300x200.jpg 300w, https:\/\/www.laleclercgouesnou.fr\/v2\/wp-content\/uploads\/2023\/06\/1H2A2201-768x512.jpg 768w, https:\/\/www.laleclercgouesnou.fr\/v2\/wp-content\/uploads\/2023\/06\/1H2A2201-1536x1024.jpg 1536w, https:\/\/www.laleclercgouesnou.fr\/v2\/wp-content\/uploads\/2023\/06\/1H2A2201.jpg 1620w\" sizes=\"auto, (max-width: 1024px) 100vw, 1024px\" \/><figcaption class=\"wp-element-caption\"><strong>Courses labellis\u00e9es<\/strong><\/figcaption><\/figure>\n<\/figure>\n\n\n\n<div style=\"height:83px\" aria-hidden=\"true\" class=\"wp-block-spacer\"><\/div>\n\n\n\n<div class=\"wp-block-media-text alignwide is-stacked-on-mobile\" style=\"grid-template-columns:39% auto\"><figure class=\"wp-block-media-text__media\"><img loading=\"lazy\" decoding=\"async\" width=\"1024\" height=\"683\" src=\"https:\/\/www.laleclercgouesnou.fr\/v2\/wp-content\/uploads\/2024\/07\/1H2A7425-1024x683.jpg\" alt=\"\" class=\"wp-image-2126 size-full\" srcset=\"https:\/\/www.laleclercgouesnou.fr\/v2\/wp-content\/uploads\/2024\/07\/1H2A7425-1024x683.jpg 1024w, https:\/\/www.laleclercgouesnou.fr\/v2\/wp-content\/uploads\/2024\/07\/1H2A7425-300x200.jpg 300w, https:\/\/www.laleclercgouesnou.fr\/v2\/wp-content\/uploads\/2024\/07\/1H2A7425-768x512.jpg 768w, https:\/\/www.laleclercgouesnou.fr\/v2\/wp-content\/uploads\/2024\/07\/1H2A7425-1536x1024.jpg 1536w, https:\/\/www.laleclercgouesnou.fr\/v2\/wp-content\/uploads\/2024\/07\/1H2A7425.jpg 1620w\" sizes=\"auto, (max-width: 1024px) 100vw, 1024px\" \/><\/figure><div class=\"wp-block-media-text__content\">\n<p class=\"has-text-align-center\"><strong><em>Demandez le programme !<\/em><\/strong>!<\/p>\n\n\n\n<p style=\"font-size:16px\">13h15 ouverture du village<\/p>\n\n\n\n<p style=\"font-size:16px\">13h30 Inscriptions marches et courses enfants<\/p>\n\n\n\n<p style=\"font-size:16px\">14h00 marches et courses enfants<\/p>\n\n\n\n<p style=\"font-size:16px\">15h15 5 km<\/p>\n\n\n\n<p style=\"font-size:16px\">16h15 10 Km<\/p>\n<\/div><\/div>\n\n\n\n<div style=\"height:35px\" aria-hidden=\"true\" class=\"wp-block-spacer\"><\/div>\n\n\n<div class=\"wp-block-image\">\n<figure class=\"aligncenter size-large is-resized\"><img loading=\"lazy\" decoding=\"async\" width=\"1024\" height=\"758\" src=\"http:\/\/www.laleclercgouesnou.fr\/v2\/wp-content\/uploads\/2022\/10\/PRODUIT-LOCAUX-V1-1024x758.jpg\" alt=\"\" class=\"wp-image-1579\" style=\"width:457px;height:337px\" srcset=\"https:\/\/www.laleclercgouesnou.fr\/v2\/wp-content\/uploads\/2022\/10\/PRODUIT-LOCAUX-V1-1024x758.jpg 1024w, https:\/\/www.laleclercgouesnou.fr\/v2\/wp-content\/uploads\/2022\/10\/PRODUIT-LOCAUX-V1-300x222.jpg 300w, https:\/\/www.laleclercgouesnou.fr\/v2\/wp-content\/uploads\/2022\/10\/PRODUIT-LOCAUX-V1-768x569.jpg 768w, https:\/\/www.laleclercgouesnou.fr\/v2\/wp-content\/uploads\/2022\/10\/PRODUIT-LOCAUX-V1.jpg 1029w\" sizes=\"auto, (max-width: 1024px) 100vw, 1024px\" \/><figcaption class=\"wp-element-caption\">Chaque participant se verra remettre des cadeaux  issus des entreprises locales (ici cadeaux 2022)<\/figcaption><\/figure><\/div>\n\n\n<div class=\"wp-block-media-text alignwide is-stacked-on-mobile\" style=\"grid-template-columns:42% auto\"><figure class=\"wp-block-media-text__media\"><img loading=\"lazy\" decoding=\"async\" width=\"1024\" height=\"683\" src=\"https:\/\/www.laleclercgouesnou.fr\/v2\/wp-content\/uploads\/2024\/07\/1H2A7391-1024x683.jpg\" alt=\"\" class=\"wp-image-2128 size-full\" srcset=\"https:\/\/www.laleclercgouesnou.fr\/v2\/wp-content\/uploads\/2024\/07\/1H2A7391-1024x683.jpg 1024w, https:\/\/www.laleclercgouesnou.fr\/v2\/wp-content\/uploads\/2024\/07\/1H2A7391-300x200.jpg 300w, https:\/\/www.laleclercgouesnou.fr\/v2\/wp-content\/uploads\/2024\/07\/1H2A7391-768x512.jpg 768w, https:\/\/www.laleclercgouesnou.fr\/v2\/wp-content\/uploads\/2024\/07\/1H2A7391-1536x1024.jpg 1536w, https:\/\/www.laleclercgouesnou.fr\/v2\/wp-content\/uploads\/2024\/07\/1H2A7391.jpg 1620w\" sizes=\"auto, (max-width: 1024px) 100vw, 1024px\" \/><\/figure><div class=\"wp-block-media-text__content\">\n<p class=\"has-text-align-center has-vivid-red-color has-text-color\"><strong>INFOS INSCRIPTIONS ET DOSSARDS !<\/strong><\/p>\n\n\n\n<ul style=\"font-size:16px\" class=\"wp-block-list\">\n<li>Les inscriptions se font en ligne http:\/\/www.laleclercgouesnou.fr ou sur place (dans la limite des dossards disponibles pour les courses)<\/li>\n<\/ul>\n\n\n\n<ul style=\"font-size:16px\" class=\"wp-block-list\">\n<li>Les dossards pour les courses de 5 et 10 Km sont munis d\u2019une puce ainsi que de codes barres pour retrouver rapidement ses photos apr\u00e8s courses<\/li>\n<\/ul>\n\n\n\n<ul style=\"font-size:16px\" class=\"wp-block-list has-black-color has-pale-pink-background-color has-text-color has-background\">\n<li>Courses&nbsp;: <strong><strong>pr\u00e9senter \u00e0 l\u2019inscription une attestation f\u00e9d\u00e9rale \u00ab\u00a0Parcours de Pr\u00e9vention Sant\u00e9\u00a0\u00bb de moins de trois mois. Pour se la procurer c&rsquo;est facile, cliquez <a href=\"https:\/\/pps.athle.fr\/\">ICI <\/a>!<\/strong> R\u00e8glement des courses \u00e0 lire <a href=\"https:\/\/www.laleclercgouesnou.fr\/v2\/2024\/07\/14\/reglements-des-courses\/\">ICI<\/a><\/strong><\/li>\n\n\n\n<li class=\"has-medium-font-size\"><strong><em>Mineurs :  fournir attestation parentale \u00e0 t\u00e9l\u00e9charger <a href=\"https:\/\/www.laleclercgouesnou.fr\/v2\/2024\/09\/01\/attestation-de-sante-et-autorisation-parentale\/\">ICI<\/a> <\/em><\/strong><\/li>\n<\/ul>\n\n\n\n<ul style=\"font-size:16px\" class=\"wp-block-list\">\n<li>Courses enfants&nbsp;: pas d\u2019attestation m\u00e9dicale mais autorisation parentale exig\u00e9e<\/li>\n<\/ul>\n\n\n\n<ul style=\"font-size:16px\" class=\"wp-block-list\">\n<li>Marches&nbsp;: pas de certificat m\u00e9dical demand\u00e9<\/li>\n<\/ul>\n<\/div><\/div>\n\n\n\n<div style=\"height:30px\" aria-hidden=\"true\" class=\"wp-block-spacer\"><\/div>\n\n\n\n<div class=\"wp-block-media-text alignwide is-stacked-on-mobile\" style=\"grid-template-columns:42% auto\"><figure class=\"wp-block-media-text__media\"><img loading=\"lazy\" decoding=\"async\" width=\"1024\" height=\"683\" src=\"https:\/\/www.laleclercgouesnou.fr\/v2\/wp-content\/uploads\/2023\/07\/1H2A5356-1024x683.jpg\" alt=\"\" class=\"wp-image-1748 size-full\" srcset=\"https:\/\/www.laleclercgouesnou.fr\/v2\/wp-content\/uploads\/2023\/07\/1H2A5356-1024x683.jpg 1024w, https:\/\/www.laleclercgouesnou.fr\/v2\/wp-content\/uploads\/2023\/07\/1H2A5356-300x200.jpg 300w, https:\/\/www.laleclercgouesnou.fr\/v2\/wp-content\/uploads\/2023\/07\/1H2A5356-768x512.jpg 768w, https:\/\/www.laleclercgouesnou.fr\/v2\/wp-content\/uploads\/2023\/07\/1H2A5356-1536x1024.jpg 1536w, https:\/\/www.laleclercgouesnou.fr\/v2\/wp-content\/uploads\/2023\/07\/1H2A5356.jpg 1620w\" sizes=\"auto, (max-width: 1024px) 100vw, 1024px\" \/><\/figure><div class=\"wp-block-media-text__content\">\n<p class=\"has-pale-cyan-blue-background-color has-background\" style=\"font-size:-163px\">Cette ann\u00e9e encore, le club des Bl\u00e9s d&rsquo;or de Gouesnou, l&rsquo;Hyper E.Leclerc Porte de Gouesnou et l&rsquo;ensemble des partenaires se mobilisent pour la recherche m\u00e9dicale en soutien au fonds INNOVEO du CHU Brest !<\/p>\n\n\n\n<p class=\"has-text-align-left has-pale-cyan-blue-background-color has-background\" style=\"font-size:-163px\">Cette ann\u00e9e nous soutiendrons un programme de recherche sur une maladie rare de l&rsquo;oeil autour d&rsquo;un projet men\u00e9 par le Docteur DUJARDIN de l&rsquo;INSERM.&nbsp; Cette maladie&nbsp; touche 1 personne sur 3000 et pr\u00e9sente des sympt\u00f4mes tardivement (30\/40 ans) en pouvant engendrer une c\u00e9cit\u00e9 totale.<\/p>\n\n\n\n<p class=\"has-pale-pink-background-color has-background\">Le projet vise \u00e0 mieux comprendre le m\u00e9canisme de mutations dans la r\u00e9tinite pigmentaire en vie de trouver des traitements. Chercheur form\u00e9 \u00e0 l&rsquo;UBO de Brest, apr\u00e8s une solide exp\u00e9rience en Angleterre et Argentine, Gwendal DUJARDIN est revenu \u00e0 Brest pour porter la recherche m\u00e9dicale.&nbsp;<\/p>\n\n\n\n<p class=\"has-pale-pink-background-color has-background\">Avec les chercheurs et leurs \u00e9quipes faisons avancer la recherche ici \u00e0 BREST avec INNOVEO !<\/p>\n<\/div><\/div>\n\n\n\n<div style=\"height:52px\" aria-hidden=\"true\" class=\"wp-block-spacer\"><\/div>\n\n\n\n<div style=\"height:47px\" aria-hidden=\"true\" class=\"wp-block-spacer\"><\/div>\n\n\n\n<div style=\"height:46px\" aria-hidden=\"true\" class=\"wp-block-spacer\"><\/div>\n","protected":false},"excerpt":{"rendered":"<p>MERCI A TOUS LES PARTICIPANTS 1250 coureurs, 220 enfants, 130 marcheurs : une belle f\u00eate sportive, solidaire et familiale ! R\u00e9sultats du 5 Km ICI<\/p>\n","protected":false},"author":1,"featured_media":1560,"parent":0,"menu_order":0,"comment_status":"closed","ping_status":"closed","template":"","meta":{"footnotes":""},"class_list":["post-1664","page","type-page","status-publish","has-post-thumbnail","hentry"],"_links":{"self":[{"href":"https:\/\/www.laleclercgouesnou.fr\/v2\/wp-json\/wp\/v2\/pages\/1664","targetHints":{"allow":["GET"]}}],"collection":[{"href":"https:\/\/www.laleclercgouesnou.fr\/v2\/wp-json\/wp\/v2\/pages"}],"about":[{"href":"https:\/\/www.laleclercgouesnou.fr\/v2\/wp-json\/wp\/v2\/types\/page"}],"author":[{"embeddable":true,"href":"https:\/\/www.laleclercgouesnou.fr\/v2\/wp-json\/wp\/v2\/users\/1"}],"replies":[{"embeddable":true,"href":"https:\/\/www.laleclercgouesnou.fr\/v2\/wp-json\/wp\/v2\/comments?post=1664"}],"version-history":[{"count":65,"href":"https:\/\/www.laleclercgouesnou.fr\/v2\/wp-json\/wp\/v2\/pages\/1664\/revisions"}],"predecessor-version":[{"id":2364,"href":"https:\/\/www.laleclercgouesnou.fr\/v2\/wp-json\/wp\/v2\/pages\/1664\/revisions\/2364"}],"wp:featuredmedia":[{"embeddable":true,"href":"https:\/\/www.laleclercgouesnou.fr\/v2\/wp-json\/wp\/v2\/media\/1560"}],"wp:attachment":[{"href":"https:\/\/www.laleclercgouesnou.fr\/v2\/wp-json\/wp\/v2\/media?parent=1664"}],"curies":[{"name":"wp","href":"https:\/\/api.w.org\/{rel}","templated":true}]}}